{"id":276407,"date":"2025-10-30T11:26:42","date_gmt":"2025-10-30T10:26:42","guid":{"rendered":"https:\/\/www.horecaexpo.be\/session\/vegetaliser-un-plat-equilibre-gout-et-textures-by-oxalis\/"},"modified":"2025-10-30T16:59:44","modified_gmt":"2025-10-30T15:59:44","slug":"vegetaliser-un-plat-equilibre-gout-et-textures-by-oxalis","status":"publish","type":"activity","link":"https:\/\/www.horecaexpo.be\/fr\/session\/vegetaliser-un-plat-equilibre-gout-et-textures-by-oxalis\/","title":{"rendered":"V\u00e9g\u00e9taliser un plat : \u00e9quilibre, go\u00fbt et textures by Oxalis"},"content":{"rendered":"\n<p>Comment concevoir un plat 100 % v\u00e9g\u00e9tal \u00e0 la fois gourmand, \u00e9quilibr\u00e9 et inspirant ?<br\/>Dans cette masterclass, Corentin Crutzen<strong>,\u00a0<\/strong>chef-formateur et fondateur d&rsquo;Oxalis, la 1e \u00e9cole de cuisine v\u00e9g\u00e9tale de Belgique install\u00e9e \u00e0 Bruxelles,\u00a0propose une d\u00e9monstration autour d\u2019une recette sal\u00e9e m\u00ealant l\u00e9gumes de saison, c\u00e9r\u00e9ale et l\u00e9gumineuse, le tout sublim\u00e9 par une sauce v\u00e9g\u00e9tale.<br\/>Une invitation \u00e0 explorer les fondamentaux de la cuisine v\u00e9g\u00e9tale gastronomique, entre \u00e9quilibre nutritionnel, structure d\u2019assiette et richesse aromatique.<\/p>\n\n<p><\/p>\n","protected":false},"excerpt":{"rendered":"<p>Comment concevoir un plat 100 % v\u00e9g\u00e9tal \u00e0 la fois gourmand, \u00e9quilibr\u00e9 et inspirant ?Dans cette masterclass, Corentin Crutzen,\u00a0chef-formateur et fondateur d&rsquo;Oxalis, la 1e \u00e9cole de cuisine v\u00e9g\u00e9tale de Belgique install\u00e9e \u00e0 Bruxelles,\u00a0propose une d\u00e9monstration autour d\u2019une recette sal\u00e9e m\u00ealant l\u00e9gumes de saison, c\u00e9r\u00e9ale et l\u00e9gumineuse, le tout sublim\u00e9 par une sauce v\u00e9g\u00e9tale.Une invitation \u00e0 [&hellip;]<\/p>\n","protected":false},"featured_media":0,"template":"","meta":{"_seopress_robots_primary_cat":"","_seopress_titles_title":"V\u00e9g\u00e9taliser un plat : \u00e9quilibre, go\u00fbt et textures | Oxalis","_seopress_titles_desc":"Masterclass cuisine v\u00e9g\u00e9tale mercredi de 14h45 \u00e0 15h45","_seopress_robots_index":"","_activity_time_start":"14:45","_activity_time_end":"15:45","_activity_date":"2025-11-19","_activity_price":"","footnotes":""},"edition":[],"location":[2961],"track":[],"activity_type":[],"class_list":["post-276407","activity","type-activity","status-publish","hentry","location-sweet-inspirations"],"_guests":[],"_sponsors":[],"_cover_image":null,"_links":{"self":[{"href":"https:\/\/www.horecaexpo.be\/fr\/wp-json\/wp\/v2\/activity\/276407","targetHints":{"allow":["GET"]}}],"collection":[{"href":"https:\/\/www.horecaexpo.be\/fr\/wp-json\/wp\/v2\/activity"}],"about":[{"href":"https:\/\/www.horecaexpo.be\/fr\/wp-json\/wp\/v2\/types\/activity"}],"version-history":[{"count":0,"href":"https:\/\/www.horecaexpo.be\/fr\/wp-json\/wp\/v2\/activity\/276407\/revisions"}],"wp:attachment":[{"href":"https:\/\/www.horecaexpo.be\/fr\/wp-json\/wp\/v2\/media?parent=276407"}],"wp:term":[{"taxonomy":"edition","embeddable":true,"href":"https:\/\/www.horecaexpo.be\/fr\/wp-json\/wp\/v2\/edition?post=276407"},{"taxonomy":"location","embeddable":true,"href":"https:\/\/www.horecaexpo.be\/fr\/wp-json\/wp\/v2\/location?post=276407"},{"taxonomy":"track","embeddable":true,"href":"https:\/\/www.horecaexpo.be\/fr\/wp-json\/wp\/v2\/track?post=276407"},{"taxonomy":"activity_type","embeddable":true,"href":"https:\/\/www.horecaexpo.be\/fr\/wp-json\/wp\/v2\/activity_type?post=276407"}],"curies":[{"name":"wp","href":"https:\/\/api.w.org\/{rel}","templated":true}]}}